{"id":12129,"date":"2026-01-21T14:01:48","date_gmt":"2026-01-21T19:01:48","guid":{"rendered":"https:\/\/www.parc-mille-iles.qc.ca\/?post_type=activites&#038;p=12129"},"modified":"2026-02-24T16:27:39","modified_gmt":"2026-02-24T21:27:39","slug":"camp-de-jour-de-la-relache-4-12-ans","status":"publish","type":"activites","link":"https:\/\/www.parc-mille-iles.qc.ca\/en\/activities\/camp-de-jour-de-la-relache-4-12-ans\/","title":{"rendered":"Camp de jour de la rel\u00e2che | 4 \u00e0 12 ans"},"content":{"rendered":"\n<p>&nbsp;<\/p>\n\n\n\n<h2 class=\"wp-block-heading\">Venez profiter de la rel\u00e2che au Parc de la Rivi\u00e8re-des-Mille-\u00celes ! \u2744\ufe0f<\/h2>\n\n\n\n<p>Offrez \u00e0 votre enfant une exp\u00e9rience unique pendant la semaine de vacances de la rel\u00e2che ! Du 2 au 6 mars 2026, retrouvez 3 sp\u00e9cialisations et 3 groupes d&#8217;\u00e2ge. \u2728<\/p>\n\n\n\n<h3 class=\"wp-block-heading\">* <strong>4-6 ans : Les murmures de la for\u00eat<\/strong><\/h3>\n\n\n\n<p class=\"wp-block-heading\">Place aux mini-explorateurs ! Cette semaine, chaque journ\u00e9e est une nouvelle porte ouverte sur la nature.<br>Au programme : jeux coop\u00e9ratifs, d\u00e9fis scientifiques et d\u00e9couvertes fascinantes en plein air. Sous l&#8217;\u0153il bienveillant de nos animateurs, votre enfant \u00e9veillera sa curiosit\u00e9 et apprendra \u00e0 devenir un v\u00e9ritable petit gardien de la Terre. Une aventure humaine et \u00e9cologique parfaite pour grandir en s&#8217;amusant!<\/p>\n\n\n\n<h3 class=\"wp-block-heading\"><strong>* 7-9 ans : Dans la peau d\u2019un biologiste<\/strong><\/h3>\n\n\n\n<p>Les jeunes aventuriers vivront une \u00e9pop\u00e9e \u00e9ducative et ludique, adapt\u00e9e \u00e0 leur soif de d\u00e9couverte.<br>Entre jeux captivants, explorations au grand air et ateliers scientifiques, chaque moment devient une occasion de s\u2019\u00e9merveiller devant la nature. Guid\u00e9s par un animateur passionn\u00e9, les enfants passeront de l&#8217;observation \u00e0 l&#8217;action pour mieux comprendre et respecter le monde vivant qui les entoure.<\/p>\n\n\n\n<h3 class=\"wp-block-heading\"><strong>* 10-12 : Les aspirants \u00e9conautes<\/strong><\/h3>\n\n\n\n<p>Pr\u00eats \u00e0 relever le d\u00e9fi ? Entre exp\u00e9riences fascinantes et missions \u00e9cologiques, les 10-12 ans plongent dans une aventure scientifique grandeur nature. Accompagn\u00e9s par un animateur expert, ils deviendront de v\u00e9ritables ambassadeurs de la nature, tout en vivant des moments forts au c\u0153ur d&#8217;un d\u00e9cor grandiose. Le rendez-vous id\u00e9al pour se d\u00e9passer et apprendre sur la plan\u00e8te !<\/p>\n<p>&nbsp;<\/p>\n<h3 style=\"text-align: left;\"><span style=\"color: #3366ff;\"><strong>Cliquez sur les images pour en savoir plus !<\/strong><\/span><\/h3>\n<p data-wp-editing=\"1\"><a href=\"https:\/\/www.facebook.com\/share\/p\/16fjzH9d1w\/\"><img loading=\"lazy\" decoding=\"async\" class=\"alignnone size-medium wp-image-12485\" src=\"https:\/\/www.parc-mille-iles.qc.ca\/wp-content\/uploads\/2026\/01\/avis-parents-cdj-1-parc-de-la-riviere-des-mille-iles-240x300.png\" alt=\"\" width=\"240\" height=\"300\" srcset=\"https:\/\/www.parc-mille-iles.qc.ca\/wp-content\/uploads\/2026\/01\/avis-parents-cdj-1-parc-de-la-riviere-des-mille-iles-240x300.png 240w, https:\/\/www.parc-mille-iles.qc.ca\/wp-content\/uploads\/2026\/01\/avis-parents-cdj-1-parc-de-la-riviere-des-mille-iles-819x1024.png 819w, https:\/\/www.parc-mille-iles.qc.ca\/wp-content\/uploads\/2026\/01\/avis-parents-cdj-1-parc-de-la-riviere-des-mille-iles-768x960.png 768w, https:\/\/www.parc-mille-iles.qc.ca\/wp-content\/uploads\/2026\/01\/avis-parents-cdj-1-parc-de-la-riviere-des-mille-iles.png 1080w\" sizes=\"auto, (max-width: 240px) 100vw, 240px\" \/><\/a> &nbsp;<a href=\"https:\/\/www.facebook.com\/share\/p\/1BjmyATFtX\/\" target=\"_blank\" rel=\"noopener\"><img loading=\"lazy\" decoding=\"async\" class=\"alignnone size-medium wp-image-12487\" src=\"https:\/\/www.parc-mille-iles.qc.ca\/wp-content\/uploads\/2026\/01\/saviez-vous-cdj-relache-1-parc-de-la-riviere-des-mille-iles-240x300.png\" alt=\"\" width=\"240\" height=\"300\" srcset=\"https:\/\/www.parc-mille-iles.qc.ca\/wp-content\/uploads\/2026\/01\/saviez-vous-cdj-relache-1-parc-de-la-riviere-des-mille-iles-240x300.png 240w, https:\/\/www.parc-mille-iles.qc.ca\/wp-content\/uploads\/2026\/01\/saviez-vous-cdj-relache-1-parc-de-la-riviere-des-mille-iles-819x1024.png 819w, https:\/\/www.parc-mille-iles.qc.ca\/wp-content\/uploads\/2026\/01\/saviez-vous-cdj-relache-1-parc-de-la-riviere-des-mille-iles-768x960.png 768w, https:\/\/www.parc-mille-iles.qc.ca\/wp-content\/uploads\/2026\/01\/saviez-vous-cdj-relache-1-parc-de-la-riviere-des-mille-iles.png 1080w\" sizes=\"auto, (max-width: 240px) 100vw, 240px\" \/><\/a><\/p>\n\n\n\n<p>__________________________________________________<\/p>\n\n\n\n<h3 class=\"wp-block-heading\"><strong>INSCRIPTION EN LIGNE \u00c0 LA JOURN\u00c9E OU \u00c0 LA SEMAINE <\/strong><a href=\"https:\/\/app.amilia.com\/store\/fr\/eco_nature\/api\/Program\/Detail?programId=b8weV9k\">ICI<\/a><\/h3>\n\n\n\n<p>\ud83d\udcde Si vous rencontrez un probl\u00e8me, nous r\u00e9pondrons uniquement par t\u00e9l\u00e9phone au 450 622-1020.<\/p>\n\n\n\n<div class=\"page-content\">\n<div class=\"pdx md-0\">\n<div class=\"d-flex flex-wrap flex-md-nowrap\">\n<div class=\"flex-grow-1 py-1 px-md-1 md-0\">\n<div class=\"px-1\"><span style=\"color: #ff0000;\"><strong>\u00c0 faire avant les inscriptions<\/strong><\/span>\n<p>Nous vous encourageons \u00e0 cr\u00e9er votre compte\u00a0<a href=\"https:\/\/app.amilia.com\/fr\/Login\">Amilia<\/a> si vous n&#8217;en poss\u00e9dez pas d\u00e9j\u00e0 un.<\/p>\n<p><strong><span style=\"color: #ff0000;\">Documentation utile<\/span><\/strong><\/p>\n<p><a href=\"https:\/\/www.parc-mille-iles.qc.ca\/wp-content\/uploads\/2023\/11\/guide-des-normes-a-l-attention-des-parents-2026.pdf\"><b>Guide du parent &#8211; Rel\u00e2che 2026<\/b><\/a><\/p>\n<p><strong><a href=\"https:\/\/www.parc-mille-iles.qc.ca\/politique-dannulation-camp-de-jour\/\">Politique d&#8217;annulation<\/a><\/strong><\/p>\n<p><strong>Pour toute demande sur le Camp de jour &#8211;\u00a0<\/strong>merci de nous \u00e9crire \u00e0 campdejour@eco-nature.ca ou de nous appeler au 450 622 1020 poste 285.<\/p>\n<p><span style=\"color: #ff0000;\"><strong>Relev\u00e9 24-Ann\u00e9e 2025 Disponible<\/strong><\/span> &#8211; pour les parents d&#8217;enfants qui ont fr\u00e9quent\u00e9 le camp \u00e0 l&#8217;\u00e9t\u00e9 2025, votre relev\u00e9 est maintenant disponible pour t\u00e9l\u00e9chargement dans votre compte Amilia.<\/p>\n<p>\u00a0<\/p>\n<\/div>\n<\/div>\n<\/div>\n<\/div>\n<\/div>\n\n\n\n<p>&nbsp;<\/p>\n\n\n","protected":false},"featured_media":12333,"template":"","activites_saisons":[80],"class_list":["post-12129","activites","type-activites","status-publish","has-post-thumbnail","hentry","activites_categories-camp-de-jour-de-la-relache","activites_saisons-hiver"],"acf":[],"yoast_head":"<!-- This site is optimized with the Yoast SEO plugin v27.4 - https:\/\/yoast.com\/product\/yoast-seo-wordpress\/ -->\n<title>Camp de jour de la rel\u00e2che | 4 \u00e0 12 ans - Parc de la Rivi\u00e8re-des-Mille-\u00celes<\/title>\n<meta name=\"description\" content=\"Offrez \u00e0 votre enfant une exp\u00e9rience unique pendant la semaine de vacances de la rel\u00e2che ! Du 2 au 6 mars 2026, retrouvez 3 sp\u00e9cialisations et 3 groupes d&#039;\u00e2ge. \u2728\" \/>\n<meta name=\"robots\" content=\"index, follow, max-snippet:-1, max-image-preview:large, max-video-preview:-1\" \/>\n<link rel=\"canonical\" href=\"https:\/\/www.parc-mille-iles.qc.ca\/activites\/camp-de-jour-de-la-relache-4-12-ans\/\" \/>\n<meta property=\"og:locale\" content=\"en_US\" \/>\n<meta property=\"og:type\" content=\"article\" \/>\n<meta property=\"og:title\" content=\"Camp de jour de la rel\u00e2che | 4 \u00e0 12 ans - Parc de la Rivi\u00e8re-des-Mille-\u00celes\" \/>\n<meta property=\"og:description\" content=\"Offrez \u00e0 votre enfant une exp\u00e9rience unique pendant la semaine de vacances de la rel\u00e2che ! Du 2 au 6 mars 2026, retrouvez 3 sp\u00e9cialisations et 3 groupes d&#039;\u00e2ge. \u2728\" \/>\n<meta property=\"og:url\" content=\"https:\/\/www.parc-mille-iles.qc.ca\/activites\/camp-de-jour-de-la-relache-4-12-ans\/\" \/>\n<meta property=\"og:site_name\" content=\"Parc de la Rivi\u00e8re-des-Mille-\u00celes\" \/>\n<meta property=\"article:publisher\" content=\"https:\/\/fr-ca.facebook.com\/parc1000iles\/\" \/>\n<meta property=\"article:modified_time\" content=\"2026-02-24T21:27:39+00:00\" \/>\n<meta property=\"og:image\" content=\"https:\/\/www.parc-mille-iles.qc.ca\/wp-content\/uploads\/2023\/11\/bandeau-evenements-11-parc-de-la-riviere-des-mille-iles.jpg\" \/>\n\t<meta property=\"og:image:width\" content=\"1200\" \/>\n\t<meta property=\"og:image:height\" content=\"628\" \/>\n\t<meta property=\"og:image:type\" content=\"image\/jpeg\" \/>\n<meta name=\"twitter:card\" content=\"summary_large_image\" \/>\n<meta name=\"twitter:label1\" content=\"Est. reading time\" \/>\n\t<meta name=\"twitter:data1\" content=\"3 minutes\" \/>\n<script type=\"application\/ld+json\" class=\"yoast-schema-graph\">{\"@context\":\"https:\\\/\\\/schema.org\",\"@graph\":[{\"@type\":\"WebPage\",\"@id\":\"https:\\\/\\\/www.parc-mille-iles.qc.ca\\\/activites\\\/camp-de-jour-de-la-relache-4-12-ans\\\/\",\"url\":\"https:\\\/\\\/www.parc-mille-iles.qc.ca\\\/activites\\\/camp-de-jour-de-la-relache-4-12-ans\\\/\",\"name\":\"Camp de jour de la rel\u00e2che | 4 \u00e0 12 ans - Parc de la Rivi\u00e8re-des-Mille-\u00celes\",\"isPartOf\":{\"@id\":\"https:\\\/\\\/www.parc-mille-iles.qc.ca\\\/#website\"},\"primaryImageOfPage\":{\"@id\":\"https:\\\/\\\/www.parc-mille-iles.qc.ca\\\/activites\\\/camp-de-jour-de-la-relache-4-12-ans\\\/#primaryimage\"},\"image\":{\"@id\":\"https:\\\/\\\/www.parc-mille-iles.qc.ca\\\/activites\\\/camp-de-jour-de-la-relache-4-12-ans\\\/#primaryimage\"},\"thumbnailUrl\":\"https:\\\/\\\/www.parc-mille-iles.qc.ca\\\/wp-content\\\/uploads\\\/2023\\\/11\\\/bandeau-evenements-11-parc-de-la-riviere-des-mille-iles.jpg\",\"datePublished\":\"2026-01-21T19:01:48+00:00\",\"dateModified\":\"2026-02-24T21:27:39+00:00\",\"description\":\"Offrez \u00e0 votre enfant une exp\u00e9rience unique pendant la semaine de vacances de la rel\u00e2che ! Du 2 au 6 mars 2026, retrouvez 3 sp\u00e9cialisations et 3 groupes d'\u00e2ge. \u2728\",\"breadcrumb\":{\"@id\":\"https:\\\/\\\/www.parc-mille-iles.qc.ca\\\/activites\\\/camp-de-jour-de-la-relache-4-12-ans\\\/#breadcrumb\"},\"inLanguage\":\"en-US\",\"potentialAction\":[{\"@type\":\"ReadAction\",\"target\":[\"https:\\\/\\\/www.parc-mille-iles.qc.ca\\\/activites\\\/camp-de-jour-de-la-relache-4-12-ans\\\/\"]}]},{\"@type\":\"ImageObject\",\"inLanguage\":\"en-US\",\"@id\":\"https:\\\/\\\/www.parc-mille-iles.qc.ca\\\/activites\\\/camp-de-jour-de-la-relache-4-12-ans\\\/#primaryimage\",\"url\":\"https:\\\/\\\/www.parc-mille-iles.qc.ca\\\/wp-content\\\/uploads\\\/2023\\\/11\\\/bandeau-evenements-11-parc-de-la-riviere-des-mille-iles.jpg\",\"contentUrl\":\"https:\\\/\\\/www.parc-mille-iles.qc.ca\\\/wp-content\\\/uploads\\\/2023\\\/11\\\/bandeau-evenements-11-parc-de-la-riviere-des-mille-iles.jpg\",\"width\":1200,\"height\":628},{\"@type\":\"BreadcrumbList\",\"@id\":\"https:\\\/\\\/www.parc-mille-iles.qc.ca\\\/activites\\\/camp-de-jour-de-la-relache-4-12-ans\\\/#breadcrumb\",\"itemListElement\":[{\"@type\":\"ListItem\",\"position\":1,\"name\":\"Accueil\",\"item\":\"https:\\\/\\\/www.parc-mille-iles.qc.ca\\\/en\\\/\"},{\"@type\":\"ListItem\",\"position\":2,\"name\":\"Camp de jour de la rel\u00e2che | 4 \u00e0 12 ans\"}]},{\"@type\":\"WebSite\",\"@id\":\"https:\\\/\\\/www.parc-mille-iles.qc.ca\\\/#website\",\"url\":\"https:\\\/\\\/www.parc-mille-iles.qc.ca\\\/\",\"name\":\"Parc de la Rivi\u00e8re-des-Mille-\u00celes\",\"description\":\"\",\"potentialAction\":[{\"@type\":\"SearchAction\",\"target\":{\"@type\":\"EntryPoint\",\"urlTemplate\":\"https:\\\/\\\/www.parc-mille-iles.qc.ca\\\/?s={search_term_string}\"},\"query-input\":{\"@type\":\"PropertyValueSpecification\",\"valueRequired\":true,\"valueName\":\"search_term_string\"}}],\"inLanguage\":\"en-US\"}]}<\/script>\n<!-- \/ Yoast SEO plugin. -->","yoast_head_json":{"title":"Camp de jour de la rel\u00e2che | 4 \u00e0 12 ans - Parc de la Rivi\u00e8re-des-Mille-\u00celes","description":"Offrez \u00e0 votre enfant une exp\u00e9rience unique pendant la semaine de vacances de la rel\u00e2che ! Du 2 au 6 mars 2026, retrouvez 3 sp\u00e9cialisations et 3 groupes d'\u00e2ge. \u2728","robots":{"index":"index","follow":"follow","max-snippet":"max-snippet:-1","max-image-preview":"max-image-preview:large","max-video-preview":"max-video-preview:-1"},"canonical":"https:\/\/www.parc-mille-iles.qc.ca\/activites\/camp-de-jour-de-la-relache-4-12-ans\/","og_locale":"en_US","og_type":"article","og_title":"Camp de jour de la rel\u00e2che | 4 \u00e0 12 ans - Parc de la Rivi\u00e8re-des-Mille-\u00celes","og_description":"Offrez \u00e0 votre enfant une exp\u00e9rience unique pendant la semaine de vacances de la rel\u00e2che ! Du 2 au 6 mars 2026, retrouvez 3 sp\u00e9cialisations et 3 groupes d'\u00e2ge. \u2728","og_url":"https:\/\/www.parc-mille-iles.qc.ca\/activites\/camp-de-jour-de-la-relache-4-12-ans\/","og_site_name":"Parc de la Rivi\u00e8re-des-Mille-\u00celes","article_publisher":"https:\/\/fr-ca.facebook.com\/parc1000iles\/","article_modified_time":"2026-02-24T21:27:39+00:00","og_image":[{"width":1200,"height":628,"url":"https:\/\/www.parc-mille-iles.qc.ca\/wp-content\/uploads\/2023\/11\/bandeau-evenements-11-parc-de-la-riviere-des-mille-iles.jpg","type":"image\/jpeg"}],"twitter_card":"summary_large_image","twitter_misc":{"Est. reading time":"3 minutes"},"schema":{"@context":"https:\/\/schema.org","@graph":[{"@type":"WebPage","@id":"https:\/\/www.parc-mille-iles.qc.ca\/activites\/camp-de-jour-de-la-relache-4-12-ans\/","url":"https:\/\/www.parc-mille-iles.qc.ca\/activites\/camp-de-jour-de-la-relache-4-12-ans\/","name":"Camp de jour de la rel\u00e2che | 4 \u00e0 12 ans - Parc de la Rivi\u00e8re-des-Mille-\u00celes","isPartOf":{"@id":"https:\/\/www.parc-mille-iles.qc.ca\/#website"},"primaryImageOfPage":{"@id":"https:\/\/www.parc-mille-iles.qc.ca\/activites\/camp-de-jour-de-la-relache-4-12-ans\/#primaryimage"},"image":{"@id":"https:\/\/www.parc-mille-iles.qc.ca\/activites\/camp-de-jour-de-la-relache-4-12-ans\/#primaryimage"},"thumbnailUrl":"https:\/\/www.parc-mille-iles.qc.ca\/wp-content\/uploads\/2023\/11\/bandeau-evenements-11-parc-de-la-riviere-des-mille-iles.jpg","datePublished":"2026-01-21T19:01:48+00:00","dateModified":"2026-02-24T21:27:39+00:00","description":"Offrez \u00e0 votre enfant une exp\u00e9rience unique pendant la semaine de vacances de la rel\u00e2che ! Du 2 au 6 mars 2026, retrouvez 3 sp\u00e9cialisations et 3 groupes d'\u00e2ge. \u2728","breadcrumb":{"@id":"https:\/\/www.parc-mille-iles.qc.ca\/activites\/camp-de-jour-de-la-relache-4-12-ans\/#breadcrumb"},"inLanguage":"en-US","potentialAction":[{"@type":"ReadAction","target":["https:\/\/www.parc-mille-iles.qc.ca\/activites\/camp-de-jour-de-la-relache-4-12-ans\/"]}]},{"@type":"ImageObject","inLanguage":"en-US","@id":"https:\/\/www.parc-mille-iles.qc.ca\/activites\/camp-de-jour-de-la-relache-4-12-ans\/#primaryimage","url":"https:\/\/www.parc-mille-iles.qc.ca\/wp-content\/uploads\/2023\/11\/bandeau-evenements-11-parc-de-la-riviere-des-mille-iles.jpg","contentUrl":"https:\/\/www.parc-mille-iles.qc.ca\/wp-content\/uploads\/2023\/11\/bandeau-evenements-11-parc-de-la-riviere-des-mille-iles.jpg","width":1200,"height":628},{"@type":"BreadcrumbList","@id":"https:\/\/www.parc-mille-iles.qc.ca\/activites\/camp-de-jour-de-la-relache-4-12-ans\/#breadcrumb","itemListElement":[{"@type":"ListItem","position":1,"name":"Accueil","item":"https:\/\/www.parc-mille-iles.qc.ca\/en\/"},{"@type":"ListItem","position":2,"name":"Camp de jour de la rel\u00e2che | 4 \u00e0 12 ans"}]},{"@type":"WebSite","@id":"https:\/\/www.parc-mille-iles.qc.ca\/#website","url":"https:\/\/www.parc-mille-iles.qc.ca\/","name":"Parc de la Rivi\u00e8re-des-Mille-\u00celes","description":"","potentialAction":[{"@type":"SearchAction","target":{"@type":"EntryPoint","urlTemplate":"https:\/\/www.parc-mille-iles.qc.ca\/?s={search_term_string}"},"query-input":{"@type":"PropertyValueSpecification","valueRequired":true,"valueName":"search_term_string"}}],"inLanguage":"en-US"}]}},"_links":{"self":[{"href":"https:\/\/www.parc-mille-iles.qc.ca\/en\/wp-json\/wp\/v2\/activites\/12129","targetHints":{"allow":["GET"]}}],"collection":[{"href":"https:\/\/www.parc-mille-iles.qc.ca\/en\/wp-json\/wp\/v2\/activites"}],"about":[{"href":"https:\/\/www.parc-mille-iles.qc.ca\/en\/wp-json\/wp\/v2\/types\/activites"}],"wp:featuredmedia":[{"embeddable":true,"href":"https:\/\/www.parc-mille-iles.qc.ca\/en\/wp-json\/wp\/v2\/media\/12333"}],"wp:attachment":[{"href":"https:\/\/www.parc-mille-iles.qc.ca\/en\/wp-json\/wp\/v2\/media?parent=12129"}],"wp:term":[{"taxonomy":"activites_saisons","embeddable":true,"href":"https:\/\/www.parc-mille-iles.qc.ca\/en\/wp-json\/wp\/v2\/activites_saisons?post=12129"}],"curies":[{"name":"wp","href":"https:\/\/api.w.org\/{rel}","templated":true}]}}