{"id":1052,"date":"2018-11-28T16:44:17","date_gmt":"2018-11-28T16:44:17","guid":{"rendered":"https:\/\/www.parc-mille-iles.qc.ca\/exploration-centre\/location-de-salles\/"},"modified":"2026-02-18T09:15:12","modified_gmt":"2026-02-18T14:15:12","slug":"venue-rentals","status":"publish","type":"page","link":"https:\/\/www.parc-mille-iles.qc.ca\/en\/services\/venue-rentals\/","title":{"rendered":"Room Rentals"},"content":{"rendered":"<div class=\"tlid-input input\">\n<div class=\"source-wrap\">\n<div class=\"input-full-height-wrapper tlid-input-full-height-wrapper\">\n<div class=\"source-input\">\n<p style=\"text-align: left;\">Our modern and versatile spaces are ideal for highlighting an important event in your organization, ensuring peace of mind, and fostering creativity and business development. The Parc de la Rivi\u00e8re-des-Mille-\u00celes exploration center features three multi-purpose rooms (totaling 2100 sq. ft.).<\/p>\n<\/div>\n<\/div>\n<\/div>\n<\/div>\n\n\n<p><\/p>\n<p><\/p>\n<p style=\"text-align: center;\"><strong>See our brochure for prices and other services:<\/strong><\/p>\n<p style=\"text-align: center;\"><a href=\"https:\/\/www.parc-mille-iles.qc.ca\/wp-content\/uploads\/2023\/11\/location-de-salles-2026.pdf\">Room rental 2026 (french only)<\/a><br \/><a href=\"https:\/\/www.parc-mille-iles.qc.ca\/wp-content\/uploads\/2026\/01\/carte-des-vins-2026.pdf\">Wine list 2026 (french only)<\/a><\/p>\n<p>**It is also possible to bring your own alcohol. However, you must obtain a <span style=\"color: #0299d6;\"><a style=\"color: #0299d6;\" href=\"https:\/\/www.racj.gouv.qc.ca\/alcool\/vendre-ou-servir-des-boissons-alcooliques-lors-dune-activite-occasionnelle\/permis-de-reunion-pour-servir\">RACJ-PES Reunion Permit<\/a> <\/span>at your own expense, and pay a corkage fee ($7 per bottle and $1 per individual consumption).<\/p>\n<p>**Ask about our partner caterers (free kitchen) or bring your own food (kitchen fee $75).<\/p>\n<ul class=\"wp-block-gallery columns-3 is-cropped\">\n<li class=\"blocks-gallery-item\">\n<figure><img loading=\"lazy\" decoding=\"async\" class=\"alignnone wp-image-1594 size-full\" src=\"https:\/\/www.parc-mille-iles.qc.ca\/wp-content\/uploads\/2019\/04\/location-salle-01.jpg\" alt=\"\" width=\"1500\" height=\"1000\" data-id=\"1594\" data-link=\"https:\/\/www.parc-mille-iles.qc.ca\/centre-dexploration\/location-de-salles\/location-salle-01\/\" srcset=\"https:\/\/www.parc-mille-iles.qc.ca\/wp-content\/uploads\/2019\/04\/location-salle-01.jpg 1050w, https:\/\/www.parc-mille-iles.qc.ca\/wp-content\/uploads\/2019\/04\/location-salle-01-300x200.jpg 300w, https:\/\/www.parc-mille-iles.qc.ca\/wp-content\/uploads\/2019\/04\/location-salle-01-768x512.jpg 768w, https:\/\/www.parc-mille-iles.qc.ca\/wp-content\/uploads\/2019\/04\/location-salle-01-1024x683.jpg 1024w\" sizes=\"auto, (max-width: 1500px) 100vw, 1500px\" \/><\/figure>\n<\/li>\n<li class=\"blocks-gallery-item\">\n<figure><img loading=\"lazy\" decoding=\"async\" class=\"alignnone wp-image-3273 size-full\" src=\"https:\/\/www.parc-mille-iles.qc.ca\/wp-content\/uploads\/2019\/09\/ED1FA2D5-C1C5-4EDD-94C8-C0E362664835.jpeg\" alt=\"\" width=\"4032\" height=\"3024\" data-id=\"1596\" data-link=\"https:\/\/www.parc-mille-iles.qc.ca\/centre-dexploration\/location-de-salles\/location-salle-02\/\" srcset=\"https:\/\/www.parc-mille-iles.qc.ca\/wp-content\/uploads\/2019\/09\/ED1FA2D5-C1C5-4EDD-94C8-C0E362664835.jpeg 2048w, https:\/\/www.parc-mille-iles.qc.ca\/wp-content\/uploads\/2019\/09\/ED1FA2D5-C1C5-4EDD-94C8-C0E362664835-300x225.jpeg 300w, https:\/\/www.parc-mille-iles.qc.ca\/wp-content\/uploads\/2019\/09\/ED1FA2D5-C1C5-4EDD-94C8-C0E362664835-768x576.jpeg 768w, https:\/\/www.parc-mille-iles.qc.ca\/wp-content\/uploads\/2019\/09\/ED1FA2D5-C1C5-4EDD-94C8-C0E362664835-1024x768.jpeg 1024w\" sizes=\"auto, (max-width: 4032px) 100vw, 4032px\" \/><\/figure>\n<\/li>\n<li class=\"blocks-gallery-item\">\n<figure><img loading=\"lazy\" decoding=\"async\" class=\"alignnone wp-image-1598 size-full\" src=\"https:\/\/www.parc-mille-iles.qc.ca\/wp-content\/uploads\/2019\/04\/location-salle-03.jpg\" alt=\"\" width=\"1500\" height=\"1000\" data-id=\"1598\" data-link=\"https:\/\/www.parc-mille-iles.qc.ca\/centre-dexploration\/location-de-salles\/location-salle-03\/\" srcset=\"https:\/\/www.parc-mille-iles.qc.ca\/wp-content\/uploads\/2019\/04\/location-salle-03.jpg 1050w, https:\/\/www.parc-mille-iles.qc.ca\/wp-content\/uploads\/2019\/04\/location-salle-03-300x200.jpg 300w, https:\/\/www.parc-mille-iles.qc.ca\/wp-content\/uploads\/2019\/04\/location-salle-03-768x512.jpg 768w, https:\/\/www.parc-mille-iles.qc.ca\/wp-content\/uploads\/2019\/04\/location-salle-03-1024x683.jpg 1024w\" sizes=\"auto, (max-width: 1500px) 100vw, 1500px\" \/><\/figure>\n<\/li>\n<li class=\"blocks-gallery-item\">\n<figure><img loading=\"lazy\" decoding=\"async\" class=\"alignnone wp-image-10959 \" src=\"https:\/\/www.parc-mille-iles.qc.ca\/wp-content\/uploads\/2025\/01\/photo-salle-1-300x199.jpg\" alt=\"\" width=\"415\" height=\"275\" srcset=\"https:\/\/www.parc-mille-iles.qc.ca\/wp-content\/uploads\/2025\/01\/photo-salle-1-300x199.jpg 300w, https:\/\/www.parc-mille-iles.qc.ca\/wp-content\/uploads\/2025\/01\/photo-salle-1-768x510.jpg 768w, https:\/\/www.parc-mille-iles.qc.ca\/wp-content\/uploads\/2025\/01\/photo-salle-1.jpg 984w\" sizes=\"auto, (max-width: 415px) 100vw, 415px\" \/><\/figure>\n<\/li>\n<li class=\"blocks-gallery-item\"><img loading=\"lazy\" decoding=\"async\" class=\"alignnone wp-image-10956 \" src=\"https:\/\/www.parc-mille-iles.qc.ca\/wp-content\/uploads\/2025\/01\/Z6D_0203-Copie-300x200.jpg\" alt=\"\" width=\"489\" height=\"326\" srcset=\"https:\/\/www.parc-mille-iles.qc.ca\/wp-content\/uploads\/2025\/01\/Z6D_0203-Copie-300x200.jpg 300w, https:\/\/www.parc-mille-iles.qc.ca\/wp-content\/uploads\/2025\/01\/Z6D_0203-Copie-1024x682.jpg 1024w, https:\/\/www.parc-mille-iles.qc.ca\/wp-content\/uploads\/2025\/01\/Z6D_0203-Copie-768x511.jpg 768w, https:\/\/www.parc-mille-iles.qc.ca\/wp-content\/uploads\/2025\/01\/Z6D_0203-Copie-1536x1022.jpg 1536w, https:\/\/www.parc-mille-iles.qc.ca\/wp-content\/uploads\/2025\/01\/Z6D_0203-Copie.jpg 2048w\" sizes=\"auto, (max-width: 489px) 100vw, 489px\" \/><\/li>\n<li class=\"blocks-gallery-item\"><img loading=\"lazy\" decoding=\"async\" class=\"alignnone wp-image-3866 size-full\" src=\"https:\/\/www.parc-mille-iles.qc.ca\/wp-content\/uploads\/2020\/03\/Capture_Facade_Centre.jpg\" alt=\"\" width=\"1199\" height=\"798\" srcset=\"https:\/\/www.parc-mille-iles.qc.ca\/wp-content\/uploads\/2020\/03\/Capture_Facade_Centre.jpg 839w, https:\/\/www.parc-mille-iles.qc.ca\/wp-content\/uploads\/2020\/03\/Capture_Facade_Centre-300x200.jpg 300w, https:\/\/www.parc-mille-iles.qc.ca\/wp-content\/uploads\/2020\/03\/Capture_Facade_Centre-1024x682.jpg 1024w, https:\/\/www.parc-mille-iles.qc.ca\/wp-content\/uploads\/2020\/03\/Capture_Facade_Centre-768x511.jpg 768w\" sizes=\"auto, (max-width: 1199px) 100vw, 1199px\" \/><\/li>\n<li class=\"blocks-gallery-item\"><img loading=\"lazy\" decoding=\"async\" class=\"alignnone wp-image-3891 size-full\" src=\"https:\/\/www.parc-mille-iles.qc.ca\/wp-content\/uploads\/2020\/03\/\u00a9David-Boyer-Photographe-0003_-scaled.jpg\" alt=\"\" width=\"2560\" height=\"1706\" srcset=\"https:\/\/www.parc-mille-iles.qc.ca\/wp-content\/uploads\/2020\/03\/\u00a9David-Boyer-Photographe-0003_-scaled.jpg 1792w, https:\/\/www.parc-mille-iles.qc.ca\/wp-content\/uploads\/2020\/03\/\u00a9David-Boyer-Photographe-0003_-300x200.jpg 300w, https:\/\/www.parc-mille-iles.qc.ca\/wp-content\/uploads\/2020\/03\/\u00a9David-Boyer-Photographe-0003_-1024x683.jpg 1024w, https:\/\/www.parc-mille-iles.qc.ca\/wp-content\/uploads\/2020\/03\/\u00a9David-Boyer-Photographe-0003_-768x512.jpg 768w, https:\/\/www.parc-mille-iles.qc.ca\/wp-content\/uploads\/2020\/03\/\u00a9David-Boyer-Photographe-0003_-1536x1024.jpg 1536w, https:\/\/www.parc-mille-iles.qc.ca\/wp-content\/uploads\/2020\/03\/\u00a9David-Boyer-Photographe-0003_-2048x1365.jpg 2048w\" sizes=\"auto, (max-width: 2560px) 100vw, 2560px\" \/><\/li>\n<li class=\"blocks-gallery-item\"><img loading=\"lazy\" decoding=\"async\" class=\"alignnone wp-image-3893 size-full\" src=\"https:\/\/www.parc-mille-iles.qc.ca\/wp-content\/uploads\/2020\/03\/CHE_1183-1-scaled.jpg\" alt=\"\" width=\"2560\" height=\"1706\" srcset=\"https:\/\/www.parc-mille-iles.qc.ca\/wp-content\/uploads\/2020\/03\/CHE_1183-1-scaled.jpg 1792w, https:\/\/www.parc-mille-iles.qc.ca\/wp-content\/uploads\/2020\/03\/CHE_1183-1-300x200.jpg 300w, https:\/\/www.parc-mille-iles.qc.ca\/wp-content\/uploads\/2020\/03\/CHE_1183-1-1024x683.jpg 1024w, https:\/\/www.parc-mille-iles.qc.ca\/wp-content\/uploads\/2020\/03\/CHE_1183-1-768x512.jpg 768w, https:\/\/www.parc-mille-iles.qc.ca\/wp-content\/uploads\/2020\/03\/CHE_1183-1-1536x1024.jpg 1536w, https:\/\/www.parc-mille-iles.qc.ca\/wp-content\/uploads\/2020\/03\/CHE_1183-1-2048x1365.jpg 2048w\" sizes=\"auto, (max-width: 2560px) 100vw, 2560px\" \/><\/li>\n<li class=\"blocks-gallery-item\"><img loading=\"lazy\" decoding=\"async\" class=\"alignnone wp-image-3873 size-full\" src=\"https:\/\/www.parc-mille-iles.qc.ca\/wp-content\/uploads\/2020\/03\/Capture_RadioRadio.jpg\" alt=\"\" width=\"1205\" height=\"841\" srcset=\"https:\/\/www.parc-mille-iles.qc.ca\/wp-content\/uploads\/2020\/03\/Capture_RadioRadio.jpg 843w, https:\/\/www.parc-mille-iles.qc.ca\/wp-content\/uploads\/2020\/03\/Capture_RadioRadio-300x209.jpg 300w, https:\/\/www.parc-mille-iles.qc.ca\/wp-content\/uploads\/2020\/03\/Capture_RadioRadio-1024x715.jpg 1024w, https:\/\/www.parc-mille-iles.qc.ca\/wp-content\/uploads\/2020\/03\/Capture_RadioRadio-768x536.jpg 768w\" sizes=\"auto, (max-width: 1205px) 100vw, 1205px\" \/><\/li>\n<\/ul>\n","protected":false},"excerpt":{"rendered":"<p>Our modern and versatile spaces are ideal for highlighting an important event in your organization, ensuring peace of mind, and fostering creativity and business development. The Parc de la Rivi\u00e8re-des-Mille-\u00celes exploration center features three multi-purpose rooms (totaling 2100 sq. ft.).<\/p>\n<p>See our brochure for prices and other services:<br \/>\n<a href=\"https:\/\/www.parc-mille-iles.qc.ca\/wp-content\/uploads\/2023\/11\/location-de-salles-2026.pdf\">Room rental 2026 (french only)<\/a><a href=\"https:\/\/www.parc-mille-iles.qc.ca\/wp-content\/uploads\/2026\/01\/carte-des-vins-2026.pdf\">Wine list 2026 (french only)<\/a><br \/>\n**It is also possible to bring your own alcohol. However, you must obtain [&#8230;]<\/p>\n","protected":false},"author":1,"featured_media":0,"parent":1030,"menu_order":0,"comment_status":"closed","ping_status":"closed","template":"template-form.php","meta":{"_acf_changed":false,"footnotes":""},"class_list":["post-1052","page","type-page","status-publish","hentry"],"acf":[],"yoast_head":"<!-- This site is optimized with the Yoast SEO plugin v27.5 - https:\/\/yoast.com\/product\/yoast-seo-wordpress\/ -->\n<title>Room Rentals - Parc de la Rivi\u00e8re-des-Mille-\u00celes<\/title>\n<meta name=\"description\" content=\"Le refuge faunique de la Rivi\u00e8re-des-Mille-\u00celes est une aire prot\u00e9g\u00e9e situ\u00e9 sur la rivi\u00e8re du m\u00eame nom \u00e0 Laval et Rosem\u00e8re. Le territoire du refuge est compos\u00e9 de dix \u00eeles ayant une superficie totale de 26 ha. Elle est g\u00e9r\u00e9e par l&#039;organisme \u00c9co-Nature\" \/>\n<meta name=\"robots\" content=\"index, follow, max-snippet:-1, max-image-preview:large, max-video-preview:-1\" \/>\n<link rel=\"canonical\" href=\"https:\/\/www.parc-mille-iles.qc.ca\/en\/services\/venue-rentals\/\" \/>\n<meta property=\"og:locale\" content=\"en_US\" \/>\n<meta property=\"og:type\" content=\"article\" \/>\n<meta property=\"og:title\" content=\"Room Rentals - Parc de la Rivi\u00e8re-des-Mille-\u00celes\" \/>\n<meta property=\"og:description\" content=\"Le refuge faunique de la Rivi\u00e8re-des-Mille-\u00celes est une aire prot\u00e9g\u00e9e situ\u00e9 sur la rivi\u00e8re du m\u00eame nom \u00e0 Laval et Rosem\u00e8re. Le territoire du refuge est compos\u00e9 de dix \u00eeles ayant une superficie totale de 26 ha. Elle est g\u00e9r\u00e9e par l&#039;organisme \u00c9co-Nature\" \/>\n<meta property=\"og:url\" content=\"https:\/\/www.parc-mille-iles.qc.ca\/en\/services\/venue-rentals\/\" \/>\n<meta property=\"og:site_name\" content=\"Parc de la Rivi\u00e8re-des-Mille-\u00celes\" \/>\n<meta property=\"article:publisher\" content=\"https:\/\/fr-ca.facebook.com\/parc1000iles\/\" \/>\n<meta property=\"article:modified_time\" content=\"2026-02-18T14:15:12+00:00\" \/>\n<meta property=\"og:image\" content=\"https:\/\/www.parc-mille-iles.qc.ca\/wp-content\/uploads\/2019\/04\/location-salle-01.jpg\" \/>\n\t<meta property=\"og:image:width\" content=\"1050\" \/>\n\t<meta property=\"og:image:height\" content=\"700\" \/>\n\t<meta property=\"og:image:type\" content=\"image\/jpeg\" \/>\n<meta name=\"twitter:card\" content=\"summary_large_image\" \/>\n<meta name=\"twitter:label1\" content=\"Est. reading time\" \/>\n\t<meta name=\"twitter:data1\" content=\"3 minutes\" \/>\n<script type=\"application\/ld+json\" class=\"yoast-schema-graph\">{\"@context\":\"https:\\\/\\\/schema.org\",\"@graph\":[{\"@type\":\"WebPage\",\"@id\":\"https:\\\/\\\/www.parc-mille-iles.qc.ca\\\/en\\\/services\\\/venue-rentals\\\/\",\"url\":\"https:\\\/\\\/www.parc-mille-iles.qc.ca\\\/en\\\/services\\\/venue-rentals\\\/\",\"name\":\"Room Rentals - Parc de la Rivi\u00e8re-des-Mille-\u00celes\",\"isPartOf\":{\"@id\":\"https:\\\/\\\/www.parc-mille-iles.qc.ca\\\/#website\"},\"primaryImageOfPage\":{\"@id\":\"https:\\\/\\\/www.parc-mille-iles.qc.ca\\\/en\\\/services\\\/venue-rentals\\\/#primaryimage\"},\"image\":{\"@id\":\"https:\\\/\\\/www.parc-mille-iles.qc.ca\\\/en\\\/services\\\/venue-rentals\\\/#primaryimage\"},\"thumbnailUrl\":\"https:\\\/\\\/www.parc-mille-iles.qc.ca\\\/wp-content\\\/uploads\\\/2019\\\/04\\\/location-salle-01.jpg\",\"datePublished\":\"2018-11-28T16:44:17+00:00\",\"dateModified\":\"2026-02-18T14:15:12+00:00\",\"description\":\"Le refuge faunique de la Rivi\u00e8re-des-Mille-\u00celes est une aire prot\u00e9g\u00e9e situ\u00e9 sur la rivi\u00e8re du m\u00eame nom \u00e0 Laval et Rosem\u00e8re. Le territoire du refuge est compos\u00e9 de dix \u00eeles ayant une superficie totale de 26 ha. Elle est g\u00e9r\u00e9e par l'organisme \u00c9co-Nature\",\"breadcrumb\":{\"@id\":\"https:\\\/\\\/www.parc-mille-iles.qc.ca\\\/en\\\/services\\\/venue-rentals\\\/#breadcrumb\"},\"inLanguage\":\"en-US\",\"potentialAction\":[{\"@type\":\"ReadAction\",\"target\":[\"https:\\\/\\\/www.parc-mille-iles.qc.ca\\\/en\\\/services\\\/venue-rentals\\\/\"]}]},{\"@type\":\"ImageObject\",\"inLanguage\":\"en-US\",\"@id\":\"https:\\\/\\\/www.parc-mille-iles.qc.ca\\\/en\\\/services\\\/venue-rentals\\\/#primaryimage\",\"url\":\"https:\\\/\\\/www.parc-mille-iles.qc.ca\\\/wp-content\\\/uploads\\\/2019\\\/04\\\/location-salle-01.jpg\",\"contentUrl\":\"https:\\\/\\\/www.parc-mille-iles.qc.ca\\\/wp-content\\\/uploads\\\/2019\\\/04\\\/location-salle-01.jpg\"},{\"@type\":\"BreadcrumbList\",\"@id\":\"https:\\\/\\\/www.parc-mille-iles.qc.ca\\\/en\\\/services\\\/venue-rentals\\\/#breadcrumb\",\"itemListElement\":[{\"@type\":\"ListItem\",\"position\":1,\"name\":\"Accueil\",\"item\":\"https:\\\/\\\/www.parc-mille-iles.qc.ca\\\/en\\\/\"},{\"@type\":\"ListItem\",\"position\":2,\"name\":\"Services\",\"item\":\"https:\\\/\\\/www.parc-mille-iles.qc.ca\\\/en\\\/services\\\/\"},{\"@type\":\"ListItem\",\"position\":3,\"name\":\"Room Rentals\"}]},{\"@type\":\"WebSite\",\"@id\":\"https:\\\/\\\/www.parc-mille-iles.qc.ca\\\/#website\",\"url\":\"https:\\\/\\\/www.parc-mille-iles.qc.ca\\\/\",\"name\":\"Parc de la Rivi\u00e8re-des-Mille-\u00celes\",\"description\":\"\",\"potentialAction\":[{\"@type\":\"SearchAction\",\"target\":{\"@type\":\"EntryPoint\",\"urlTemplate\":\"https:\\\/\\\/www.parc-mille-iles.qc.ca\\\/?s={search_term_string}\"},\"query-input\":{\"@type\":\"PropertyValueSpecification\",\"valueRequired\":true,\"valueName\":\"search_term_string\"}}],\"inLanguage\":\"en-US\"}]}<\/script>\n<!-- \/ Yoast SEO plugin. -->","yoast_head_json":{"title":"Room Rentals - Parc de la Rivi\u00e8re-des-Mille-\u00celes","description":"Le refuge faunique de la Rivi\u00e8re-des-Mille-\u00celes est une aire prot\u00e9g\u00e9e situ\u00e9 sur la rivi\u00e8re du m\u00eame nom \u00e0 Laval et Rosem\u00e8re. Le territoire du refuge est compos\u00e9 de dix \u00eeles ayant une superficie totale de 26 ha. Elle est g\u00e9r\u00e9e par l'organisme \u00c9co-Nature","robots":{"index":"index","follow":"follow","max-snippet":"max-snippet:-1","max-image-preview":"max-image-preview:large","max-video-preview":"max-video-preview:-1"},"canonical":"https:\/\/www.parc-mille-iles.qc.ca\/en\/services\/venue-rentals\/","og_locale":"en_US","og_type":"article","og_title":"Room Rentals - Parc de la Rivi\u00e8re-des-Mille-\u00celes","og_description":"Le refuge faunique de la Rivi\u00e8re-des-Mille-\u00celes est une aire prot\u00e9g\u00e9e situ\u00e9 sur la rivi\u00e8re du m\u00eame nom \u00e0 Laval et Rosem\u00e8re. Le territoire du refuge est compos\u00e9 de dix \u00eeles ayant une superficie totale de 26 ha. Elle est g\u00e9r\u00e9e par l'organisme \u00c9co-Nature","og_url":"https:\/\/www.parc-mille-iles.qc.ca\/en\/services\/venue-rentals\/","og_site_name":"Parc de la Rivi\u00e8re-des-Mille-\u00celes","article_publisher":"https:\/\/fr-ca.facebook.com\/parc1000iles\/","article_modified_time":"2026-02-18T14:15:12+00:00","og_image":[{"width":1050,"height":700,"url":"https:\/\/www.parc-mille-iles.qc.ca\/wp-content\/uploads\/2019\/04\/location-salle-01.jpg","type":"image\/jpeg"}],"twitter_card":"summary_large_image","twitter_misc":{"Est. reading time":"3 minutes"},"schema":{"@context":"https:\/\/schema.org","@graph":[{"@type":"WebPage","@id":"https:\/\/www.parc-mille-iles.qc.ca\/en\/services\/venue-rentals\/","url":"https:\/\/www.parc-mille-iles.qc.ca\/en\/services\/venue-rentals\/","name":"Room Rentals - Parc de la Rivi\u00e8re-des-Mille-\u00celes","isPartOf":{"@id":"https:\/\/www.parc-mille-iles.qc.ca\/#website"},"primaryImageOfPage":{"@id":"https:\/\/www.parc-mille-iles.qc.ca\/en\/services\/venue-rentals\/#primaryimage"},"image":{"@id":"https:\/\/www.parc-mille-iles.qc.ca\/en\/services\/venue-rentals\/#primaryimage"},"thumbnailUrl":"https:\/\/www.parc-mille-iles.qc.ca\/wp-content\/uploads\/2019\/04\/location-salle-01.jpg","datePublished":"2018-11-28T16:44:17+00:00","dateModified":"2026-02-18T14:15:12+00:00","description":"Le refuge faunique de la Rivi\u00e8re-des-Mille-\u00celes est une aire prot\u00e9g\u00e9e situ\u00e9 sur la rivi\u00e8re du m\u00eame nom \u00e0 Laval et Rosem\u00e8re. Le territoire du refuge est compos\u00e9 de dix \u00eeles ayant une superficie totale de 26 ha. Elle est g\u00e9r\u00e9e par l'organisme \u00c9co-Nature","breadcrumb":{"@id":"https:\/\/www.parc-mille-iles.qc.ca\/en\/services\/venue-rentals\/#breadcrumb"},"inLanguage":"en-US","potentialAction":[{"@type":"ReadAction","target":["https:\/\/www.parc-mille-iles.qc.ca\/en\/services\/venue-rentals\/"]}]},{"@type":"ImageObject","inLanguage":"en-US","@id":"https:\/\/www.parc-mille-iles.qc.ca\/en\/services\/venue-rentals\/#primaryimage","url":"https:\/\/www.parc-mille-iles.qc.ca\/wp-content\/uploads\/2019\/04\/location-salle-01.jpg","contentUrl":"https:\/\/www.parc-mille-iles.qc.ca\/wp-content\/uploads\/2019\/04\/location-salle-01.jpg"},{"@type":"BreadcrumbList","@id":"https:\/\/www.parc-mille-iles.qc.ca\/en\/services\/venue-rentals\/#breadcrumb","itemListElement":[{"@type":"ListItem","position":1,"name":"Accueil","item":"https:\/\/www.parc-mille-iles.qc.ca\/en\/"},{"@type":"ListItem","position":2,"name":"Services","item":"https:\/\/www.parc-mille-iles.qc.ca\/en\/services\/"},{"@type":"ListItem","position":3,"name":"Room Rentals"}]},{"@type":"WebSite","@id":"https:\/\/www.parc-mille-iles.qc.ca\/#website","url":"https:\/\/www.parc-mille-iles.qc.ca\/","name":"Parc de la Rivi\u00e8re-des-Mille-\u00celes","description":"","potentialAction":[{"@type":"SearchAction","target":{"@type":"EntryPoint","urlTemplate":"https:\/\/www.parc-mille-iles.qc.ca\/?s={search_term_string}"},"query-input":{"@type":"PropertyValueSpecification","valueRequired":true,"valueName":"search_term_string"}}],"inLanguage":"en-US"}]}},"_links":{"self":[{"href":"https:\/\/www.parc-mille-iles.qc.ca\/en\/wp-json\/wp\/v2\/pages\/1052","targetHints":{"allow":["GET"]}}],"collection":[{"href":"https:\/\/www.parc-mille-iles.qc.ca\/en\/wp-json\/wp\/v2\/pages"}],"about":[{"href":"https:\/\/www.parc-mille-iles.qc.ca\/en\/wp-json\/wp\/v2\/types\/page"}],"author":[{"embeddable":true,"href":"https:\/\/www.parc-mille-iles.qc.ca\/en\/wp-json\/wp\/v2\/users\/1"}],"replies":[{"embeddable":true,"href":"https:\/\/www.parc-mille-iles.qc.ca\/en\/wp-json\/wp\/v2\/comments?post=1052"}],"version-history":[{"count":13,"href":"https:\/\/www.parc-mille-iles.qc.ca\/en\/wp-json\/wp\/v2\/pages\/1052\/revisions"}],"predecessor-version":[{"id":12481,"href":"https:\/\/www.parc-mille-iles.qc.ca\/en\/wp-json\/wp\/v2\/pages\/1052\/revisions\/12481"}],"up":[{"embeddable":true,"href":"https:\/\/www.parc-mille-iles.qc.ca\/en\/wp-json\/wp\/v2\/pages\/1030"}],"wp:attachment":[{"href":"https:\/\/www.parc-mille-iles.qc.ca\/en\/wp-json\/wp\/v2\/media?parent=1052"}],"curies":[{"name":"wp","href":"https:\/\/api.w.org\/{rel}","templated":true}]}}